{"id":4150,"date":"2019-02-01T14:24:03","date_gmt":"2019-02-01T13:24:03","guid":{"rendered":"https:\/\/www.thermalies.com\/lyon\/?page_id=4150"},"modified":"2019-02-01T14:24:27","modified_gmt":"2019-02-01T13:24:27","slug":"sans-transition","status":"publish","type":"page","link":"https:\/\/www.thermalies.com\/lyon\/pressepartenaires\/espace-partenaires\/sans-transition\/","title":{"rendered":"Sans Transition"},"content":{"rendered":"<p><img decoding=\"async\" class=\"alignnone  wp-image-4148\" src=\"https:\/\/www.thermalies.com\/lyon\/wp-content\/uploads\/2019\/02\/logo-Sans-Transition-2018.jpg\" alt=\"\" width=\"216\" height=\"48\" srcset=\"https:\/\/www.thermalies.com\/lyon\/wp-content\/uploads\/2019\/02\/logo-Sans-Transition-2018.jpg 180w, https:\/\/www.thermalies.com\/lyon\/wp-content\/uploads\/2019\/02\/logo-Sans-Transition-2018-174x40.jpg 174w, https:\/\/www.thermalies.com\/lyon\/wp-content\/uploads\/2019\/02\/logo-Sans-Transition-2018-150x33.jpg 150w\" sizes=\"(max-width: 216px) 100vw, 216px\" \/><\/p>\n<p>&nbsp;<\/p>\n<p><strong>Sans Transition<\/strong><br \/>\nBimestriel sur les dynamiques de Transition<\/p>\n<p><span style=\"font-weight: 400;\">Sans Transition! : la revue engag\u00e9e du local au global.Diffus\u00e9e tous <\/span><span style=\"font-weight: 400;\">les 2 mois en kiosque, magasins bio et librairies, elle soutient les transitions soci\u00e9tales, \u00e9conomiques, environnementales, et sociales. Un m\u00e9dia ind\u00e9pendant et coop\u00e9ratif pour montrer que, face aux enjeux soci\u00e9taux, chacun peut choisir <\/span><span style=\"font-weight: 400;\">un nouveau mode de vie<\/span><\/p>\n<p><a href=\"http:\/\/www.sans-transition-magazine.info\/\" target=\"_blank\" rel=\"noopener\">http:\/\/www.sans-transition-magazine.info\/<\/a><\/p>\n<p>&nbsp;<\/p>\n","protected":false},"excerpt":{"rendered":"<p>&nbsp; Sans Transition Bimestriel sur les dynamiques de Transition Sans Transition! : la revue engag\u00e9e du local au global.Diffus\u00e9e tous les 2 mois en kiosque, magasins bio et librairies, elle soutient les transitions soci\u00e9tales, \u00e9conomiques, environnementales, et sociales. Un m\u00e9dia ind\u00e9pendant et coop\u00e9ratif pour montrer que, face aux enjeux soci\u00e9taux, chacun peut choisir un nouveau&hellip; <\/p>\n","protected":false},"author":1,"featured_media":0,"parent":526,"menu_order":0,"comment_status":"closed","ping_status":"closed","template":"","meta":{"_monsterinsights_skip_tracking":false,"footnotes":""},"class_list":["post-4150","page","type-page","status-publish","hentry"],"aioseo_notices":[],"aioseo_head":"\n\t\t<!-- All in One SEO 4.9.10 - aioseo.com -->\n\t<meta name=\"description\" content=\"Sans Transition Bimestriel sur les dynamiques de Transition Sans Transition! : la revue engag\u00e9e du local au global.Diffus\u00e9e tous les 2 mois en kiosque, magasins bio et librairies, elle soutient les transitions soci\u00e9tales, \u00e9conomiques, environnementales, et sociales. Un m\u00e9dia ind\u00e9pendant et coop\u00e9ratif pour montrer que, face aux enjeux soci\u00e9taux, chacun peut choisir un nouveau\" \/>\n\t<meta name=\"robots\" content=\"max-image-preview:large\" \/>\n\t<link rel=\"canonical\" href=\"https:\/\/www.thermalies.com\/lyon\/pressepartenaires\/espace-partenaires\/sans-transition\/\" \/>\n\t<meta name=\"generator\" content=\"All in One SEO (AIOSEO) 4.9.10\" \/>\n\t\t<meta property=\"og:locale\" content=\"fr_FR\" \/>\n\t\t<meta property=\"og:site_name\" content=\"Salon LES THERMALIES Lyon\" \/>\n\t\t<meta property=\"og:type\" content=\"article\" \/>\n\t\t<meta property=\"og:title\" content=\"Sans Transition - Salon LES THERMALIES Lyon\" \/>\n\t\t<meta property=\"og:description\" content=\"Sans Transition Bimestriel sur les dynamiques de Transition Sans Transition! : la revue engag\u00e9e du local au global.Diffus\u00e9e tous les 2 mois en kiosque, magasins bio et librairies, elle soutient les transitions soci\u00e9tales, \u00e9conomiques, environnementales, et sociales. Un m\u00e9dia ind\u00e9pendant et coop\u00e9ratif pour montrer que, face aux enjeux soci\u00e9taux, chacun peut choisir un nouveau\" \/>\n\t\t<meta property=\"og:url\" content=\"https:\/\/www.thermalies.com\/lyon\/pressepartenaires\/espace-partenaires\/sans-transition\/\" \/>\n\t\t<meta property=\"og:image\" content=\"https:\/\/www.thermalies.com\/lyon\/wp-content\/uploads\/2019\/02\/logo-Sans-Transition-2018.jpg\" \/>\n\t\t<meta property=\"og:image:secure_url\" content=\"https:\/\/www.thermalies.com\/lyon\/wp-content\/uploads\/2019\/02\/logo-Sans-Transition-2018.jpg\" \/>\n\t\t<meta property=\"og:image:width\" content=\"180\" \/>\n\t\t<meta property=\"og:image:height\" content=\"40\" \/>\n\t\t<meta property=\"article:published_time\" content=\"2019-02-01T13:24:03+00:00\" \/>\n\t\t<meta property=\"article:modified_time\" content=\"2019-02-01T13:24:27+00:00\" \/>\n\t\t<meta property=\"article:publisher\" content=\"https:\/\/www.facebook.com\/LesThermalies\/\" \/>\n\t\t<meta name=\"twitter:card\" content=\"summary\" \/>\n\t\t<meta name=\"twitter:site\" content=\"@LesThermalies\" \/>\n\t\t<meta name=\"twitter:title\" content=\"Sans Transition - Salon LES THERMALIES Lyon\" \/>\n\t\t<meta name=\"twitter:description\" content=\"Sans Transition Bimestriel sur les dynamiques de Transition Sans Transition! : la revue engag\u00e9e du local au global.Diffus\u00e9e tous les 2 mois en kiosque, magasins bio et librairies, elle soutient les transitions soci\u00e9tales, \u00e9conomiques, environnementales, et sociales. Un m\u00e9dia ind\u00e9pendant et coop\u00e9ratif pour montrer que, face aux enjeux soci\u00e9taux, chacun peut choisir un nouveau\" \/>\n\t\t<meta name=\"twitter:creator\" content=\"@LesThermalies\" \/>\n\t\t<meta name=\"twitter:image\" content=\"https:\/\/www.thermalies.com\/lyon\/wp-content\/uploads\/2019\/02\/logo-Sans-Transition-2018.jpg\" \/>\n\t\t<meta name=\"twitter:label1\" content=\"\u00c9crit par\" \/>\n\t\t<meta name=\"twitter:data1\" content=\"admin\" \/>\n\t\t<script type=\"application\/ld+json\" class=\"aioseo-schema\">\n\t\t\t{\"@context\":\"https:\\\/\\\/schema.org\",\"@graph\":[{\"@type\":\"BreadcrumbList\",\"@id\":\"https:\\\/\\\/www.thermalies.com\\\/lyon\\\/pressepartenaires\\\/espace-partenaires\\\/sans-transition\\\/#breadcrumblist\",\"itemListElement\":[{\"@type\":\"ListItem\",\"@id\":\"https:\\\/\\\/www.thermalies.com\\\/lyon#listItem\",\"position\":1,\"name\":\"Accueil\",\"item\":\"https:\\\/\\\/www.thermalies.com\\\/lyon\",\"nextItem\":{\"@type\":\"ListItem\",\"@id\":\"https:\\\/\\\/www.thermalies.com\\\/lyon\\\/pressepartenaires\\\/#listItem\",\"name\":\"Presse\\\/partenaires\"}},{\"@type\":\"ListItem\",\"@id\":\"https:\\\/\\\/www.thermalies.com\\\/lyon\\\/pressepartenaires\\\/#listItem\",\"position\":2,\"name\":\"Presse\\\/partenaires\",\"item\":\"https:\\\/\\\/www.thermalies.com\\\/lyon\\\/pressepartenaires\\\/\",\"nextItem\":{\"@type\":\"ListItem\",\"@id\":\"https:\\\/\\\/www.thermalies.com\\\/lyon\\\/pressepartenaires\\\/espace-partenaires\\\/#listItem\",\"name\":\"Espace partenaires\"},\"previousItem\":{\"@type\":\"ListItem\",\"@id\":\"https:\\\/\\\/www.thermalies.com\\\/lyon#listItem\",\"name\":\"Accueil\"}},{\"@type\":\"ListItem\",\"@id\":\"https:\\\/\\\/www.thermalies.com\\\/lyon\\\/pressepartenaires\\\/espace-partenaires\\\/#listItem\",\"position\":3,\"name\":\"Espace partenaires\",\"item\":\"https:\\\/\\\/www.thermalies.com\\\/lyon\\\/pressepartenaires\\\/espace-partenaires\\\/\",\"nextItem\":{\"@type\":\"ListItem\",\"@id\":\"https:\\\/\\\/www.thermalies.com\\\/lyon\\\/pressepartenaires\\\/espace-partenaires\\\/sans-transition\\\/#listItem\",\"name\":\"Sans Transition\"},\"previousItem\":{\"@type\":\"ListItem\",\"@id\":\"https:\\\/\\\/www.thermalies.com\\\/lyon\\\/pressepartenaires\\\/#listItem\",\"name\":\"Presse\\\/partenaires\"}},{\"@type\":\"ListItem\",\"@id\":\"https:\\\/\\\/www.thermalies.com\\\/lyon\\\/pressepartenaires\\\/espace-partenaires\\\/sans-transition\\\/#listItem\",\"position\":4,\"name\":\"Sans Transition\",\"previousItem\":{\"@type\":\"ListItem\",\"@id\":\"https:\\\/\\\/www.thermalies.com\\\/lyon\\\/pressepartenaires\\\/espace-partenaires\\\/#listItem\",\"name\":\"Espace partenaires\"}}]},{\"@type\":\"Organization\",\"@id\":\"https:\\\/\\\/www.thermalies.com\\\/lyon\\\/#organization\",\"name\":\"SPAS Organisation\",\"description\":\"Le salon de la sant\\u00e9 globale et du bien-\\u00eatre \\u00e0 Lyon\",\"url\":\"https:\\\/\\\/www.thermalies.com\\\/lyon\\\/\",\"logo\":{\"@type\":\"ImageObject\",\"url\":\"https:\\\/\\\/www.thermalies.com\\\/lyon\\\/wp-content\\\/uploads\\\/2026\\\/06\\\/cropped-Thermalies-logoB.png\",\"@id\":\"https:\\\/\\\/www.thermalies.com\\\/lyon\\\/pressepartenaires\\\/espace-partenaires\\\/sans-transition\\\/#organizationLogo\",\"width\":1504,\"height\":458},\"image\":{\"@id\":\"https:\\\/\\\/www.thermalies.com\\\/lyon\\\/pressepartenaires\\\/espace-partenaires\\\/sans-transition\\\/#organizationLogo\"},\"sameAs\":[\"https:\\\/\\\/www.facebook.com\\\/LesThermalies\\\/\",\"https:\\\/\\\/twitter.com\\\/LesThermalies\",\"https:\\\/\\\/www.instagram.com\\\/mythermalies\\\/\"]},{\"@type\":\"WebPage\",\"@id\":\"https:\\\/\\\/www.thermalies.com\\\/lyon\\\/pressepartenaires\\\/espace-partenaires\\\/sans-transition\\\/#webpage\",\"url\":\"https:\\\/\\\/www.thermalies.com\\\/lyon\\\/pressepartenaires\\\/espace-partenaires\\\/sans-transition\\\/\",\"name\":\"Sans Transition - Salon LES THERMALIES Lyon\",\"description\":\"Sans Transition Bimestriel sur les dynamiques de Transition Sans Transition! : la revue engag\\u00e9e du local au global.Diffus\\u00e9e tous les 2 mois en kiosque, magasins bio et librairies, elle soutient les transitions soci\\u00e9tales, \\u00e9conomiques, environnementales, et sociales. Un m\\u00e9dia ind\\u00e9pendant et coop\\u00e9ratif pour montrer que, face aux enjeux soci\\u00e9taux, chacun peut choisir un nouveau\",\"inLanguage\":\"fr-FR\",\"isPartOf\":{\"@id\":\"https:\\\/\\\/www.thermalies.com\\\/lyon\\\/#website\"},\"breadcrumb\":{\"@id\":\"https:\\\/\\\/www.thermalies.com\\\/lyon\\\/pressepartenaires\\\/espace-partenaires\\\/sans-transition\\\/#breadcrumblist\"},\"datePublished\":\"2019-02-01T14:24:03+01:00\",\"dateModified\":\"2019-02-01T14:24:27+01:00\"},{\"@type\":\"WebSite\",\"@id\":\"https:\\\/\\\/www.thermalies.com\\\/lyon\\\/#website\",\"url\":\"https:\\\/\\\/www.thermalies.com\\\/lyon\\\/\",\"name\":\"Salon LES THERMALIES Lyon\",\"description\":\"Le salon de la sant\\u00e9 globale et du bien-\\u00eatre \\u00e0 Lyon\",\"inLanguage\":\"fr-FR\",\"publisher\":{\"@id\":\"https:\\\/\\\/www.thermalies.com\\\/lyon\\\/#organization\"}}]}\n\t\t<\/script>\n\t\t<!-- All in One SEO -->\n\n","aioseo_head_json":{"title":"Sans Transition - Salon LES THERMALIES Lyon","description":"Sans Transition Bimestriel sur les dynamiques de Transition Sans Transition! : la revue engag\u00e9e du local au global.Diffus\u00e9e tous les 2 mois en kiosque, magasins bio et librairies, elle soutient les transitions soci\u00e9tales, \u00e9conomiques, environnementales, et sociales. Un m\u00e9dia ind\u00e9pendant et coop\u00e9ratif pour montrer que, face aux enjeux soci\u00e9taux, chacun peut choisir un nouveau","canonical_url":"https:\/\/www.thermalies.com\/lyon\/pressepartenaires\/espace-partenaires\/sans-transition\/","robots":"max-image-preview:large","keywords":"","webmasterTools":{"miscellaneous":""},"schema":{"@context":"https:\/\/schema.org","@graph":[{"@type":"BreadcrumbList","@id":"https:\/\/www.thermalies.com\/lyon\/pressepartenaires\/espace-partenaires\/sans-transition\/#breadcrumblist","itemListElement":[{"@type":"ListItem","@id":"https:\/\/www.thermalies.com\/lyon#listItem","position":1,"name":"Accueil","item":"https:\/\/www.thermalies.com\/lyon","nextItem":{"@type":"ListItem","@id":"https:\/\/www.thermalies.com\/lyon\/pressepartenaires\/#listItem","name":"Presse\/partenaires"}},{"@type":"ListItem","@id":"https:\/\/www.thermalies.com\/lyon\/pressepartenaires\/#listItem","position":2,"name":"Presse\/partenaires","item":"https:\/\/www.thermalies.com\/lyon\/pressepartenaires\/","nextItem":{"@type":"ListItem","@id":"https:\/\/www.thermalies.com\/lyon\/pressepartenaires\/espace-partenaires\/#listItem","name":"Espace partenaires"},"previousItem":{"@type":"ListItem","@id":"https:\/\/www.thermalies.com\/lyon#listItem","name":"Accueil"}},{"@type":"ListItem","@id":"https:\/\/www.thermalies.com\/lyon\/pressepartenaires\/espace-partenaires\/#listItem","position":3,"name":"Espace partenaires","item":"https:\/\/www.thermalies.com\/lyon\/pressepartenaires\/espace-partenaires\/","nextItem":{"@type":"ListItem","@id":"https:\/\/www.thermalies.com\/lyon\/pressepartenaires\/espace-partenaires\/sans-transition\/#listItem","name":"Sans Transition"},"previousItem":{"@type":"ListItem","@id":"https:\/\/www.thermalies.com\/lyon\/pressepartenaires\/#listItem","name":"Presse\/partenaires"}},{"@type":"ListItem","@id":"https:\/\/www.thermalies.com\/lyon\/pressepartenaires\/espace-partenaires\/sans-transition\/#listItem","position":4,"name":"Sans Transition","previousItem":{"@type":"ListItem","@id":"https:\/\/www.thermalies.com\/lyon\/pressepartenaires\/espace-partenaires\/#listItem","name":"Espace partenaires"}}]},{"@type":"Organization","@id":"https:\/\/www.thermalies.com\/lyon\/#organization","name":"SPAS Organisation","description":"Le salon de la sant\u00e9 globale et du bien-\u00eatre \u00e0 Lyon","url":"https:\/\/www.thermalies.com\/lyon\/","logo":{"@type":"ImageObject","url":"https:\/\/www.thermalies.com\/lyon\/wp-content\/uploads\/2026\/06\/cropped-Thermalies-logoB.png","@id":"https:\/\/www.thermalies.com\/lyon\/pressepartenaires\/espace-partenaires\/sans-transition\/#organizationLogo","width":1504,"height":458},"image":{"@id":"https:\/\/www.thermalies.com\/lyon\/pressepartenaires\/espace-partenaires\/sans-transition\/#organizationLogo"},"sameAs":["https:\/\/www.facebook.com\/LesThermalies\/","https:\/\/twitter.com\/LesThermalies","https:\/\/www.instagram.com\/mythermalies\/"]},{"@type":"WebPage","@id":"https:\/\/www.thermalies.com\/lyon\/pressepartenaires\/espace-partenaires\/sans-transition\/#webpage","url":"https:\/\/www.thermalies.com\/lyon\/pressepartenaires\/espace-partenaires\/sans-transition\/","name":"Sans Transition - Salon LES THERMALIES Lyon","description":"Sans Transition Bimestriel sur les dynamiques de Transition Sans Transition! : la revue engag\u00e9e du local au global.Diffus\u00e9e tous les 2 mois en kiosque, magasins bio et librairies, elle soutient les transitions soci\u00e9tales, \u00e9conomiques, environnementales, et sociales. Un m\u00e9dia ind\u00e9pendant et coop\u00e9ratif pour montrer que, face aux enjeux soci\u00e9taux, chacun peut choisir un nouveau","inLanguage":"fr-FR","isPartOf":{"@id":"https:\/\/www.thermalies.com\/lyon\/#website"},"breadcrumb":{"@id":"https:\/\/www.thermalies.com\/lyon\/pressepartenaires\/espace-partenaires\/sans-transition\/#breadcrumblist"},"datePublished":"2019-02-01T14:24:03+01:00","dateModified":"2019-02-01T14:24:27+01:00"},{"@type":"WebSite","@id":"https:\/\/www.thermalies.com\/lyon\/#website","url":"https:\/\/www.thermalies.com\/lyon\/","name":"Salon LES THERMALIES Lyon","description":"Le salon de la sant\u00e9 globale et du bien-\u00eatre \u00e0 Lyon","inLanguage":"fr-FR","publisher":{"@id":"https:\/\/www.thermalies.com\/lyon\/#organization"}}]},"og:locale":"fr_FR","og:site_name":"Salon LES THERMALIES Lyon","og:type":"article","og:title":"Sans Transition - Salon LES THERMALIES Lyon","og:description":"Sans Transition Bimestriel sur les dynamiques de Transition Sans Transition! : la revue engag\u00e9e du local au global.Diffus\u00e9e tous les 2 mois en kiosque, magasins bio et librairies, elle soutient les transitions soci\u00e9tales, \u00e9conomiques, environnementales, et sociales. Un m\u00e9dia ind\u00e9pendant et coop\u00e9ratif pour montrer que, face aux enjeux soci\u00e9taux, chacun peut choisir un nouveau","og:url":"https:\/\/www.thermalies.com\/lyon\/pressepartenaires\/espace-partenaires\/sans-transition\/","og:image":"https:\/\/www.thermalies.com\/lyon\/wp-content\/uploads\/2019\/02\/logo-Sans-Transition-2018.jpg","og:image:secure_url":"https:\/\/www.thermalies.com\/lyon\/wp-content\/uploads\/2019\/02\/logo-Sans-Transition-2018.jpg","og:image:width":180,"og:image:height":40,"article:published_time":"2019-02-01T13:24:03+00:00","article:modified_time":"2019-02-01T13:24:27+00:00","article:publisher":"https:\/\/www.facebook.com\/LesThermalies\/","twitter:card":"summary","twitter:site":"@LesThermalies","twitter:title":"Sans Transition - Salon LES THERMALIES Lyon","twitter:description":"Sans Transition Bimestriel sur les dynamiques de Transition Sans Transition! : la revue engag\u00e9e du local au global.Diffus\u00e9e tous les 2 mois en kiosque, magasins bio et librairies, elle soutient les transitions soci\u00e9tales, \u00e9conomiques, environnementales, et sociales. Un m\u00e9dia ind\u00e9pendant et coop\u00e9ratif pour montrer que, face aux enjeux soci\u00e9taux, chacun peut choisir un nouveau","twitter:creator":"@LesThermalies","twitter:image":"https:\/\/www.thermalies.com\/lyon\/wp-content\/uploads\/2019\/02\/logo-Sans-Transition-2018.jpg","twitter:label1":"\u00c9crit par","twitter:data1":"admin"},"aioseo_meta_data":{"post_id":"4150","title":null,"description":null,"keywords":null,"keyphrases":null,"primary_term":null,"canonical_url":null,"og_title":null,"og_description":null,"og_object_type":"default","og_image_type":"content","og_image_url":null,"og_image_width":null,"og_image_height":null,"og_image_custom_url":null,"og_image_custom_fields":null,"og_video":null,"og_custom_url":null,"og_article_section":null,"og_article_tags":null,"twitter_use_og":true,"twitter_card":"default","twitter_image_type":"default","twitter_image_url":null,"twitter_image_custom_url":null,"twitter_image_custom_fields":null,"twitter_title":null,"twitter_description":null,"schema":{"blockGraphs":[],"customGraphs":[],"default":{"data":{"Article":[],"Course":[],"Dataset":[],"FAQPage":[],"Movie":[],"Person":[],"Product":[],"ProductReview":[],"Car":[],"Recipe":[],"Service":[],"SoftwareApplication":[],"WebPage":[]},"graphName":"WebPage","isEnabled":true},"graphs":[]},"schema_type":"default","schema_type_options":null,"pillar_content":false,"robots_default":true,"robots_noindex":false,"robots_noarchive":false,"robots_nosnippet":false,"robots_nofollow":false,"robots_noimageindex":false,"robots_noodp":false,"robots_notranslate":false,"robots_max_snippet":null,"robots_max_videopreview":null,"robots_max_imagepreview":"large","priority":null,"frequency":null,"local_seo":null,"breadcrumb_settings":null,"limit_modified_date":false,"ai":null,"created":"2021-12-22 16:42:57","updated":"2025-07-03 19:56:30","seo_analyzer_scan_date":null},"aioseo_breadcrumb":"<div class=\"aioseo-breadcrumbs\"><span class=\"aioseo-breadcrumb\">\n\t\t\t<a href=\"https:\/\/www.thermalies.com\/lyon\" title=\"Accueil\">Accueil<\/a>\n\t\t<\/span><span class=\"aioseo-breadcrumb-separator\">&raquo;<\/span><span class=\"aioseo-breadcrumb\">\n\t\t\t<a href=\"https:\/\/www.thermalies.com\/lyon\/pressepartenaires\/\" title=\"Presse\/partenaires\">Presse\/partenaires<\/a>\n\t\t<\/span><span class=\"aioseo-breadcrumb-separator\">&raquo;<\/span><span class=\"aioseo-breadcrumb\">\n\t\t\t<a href=\"https:\/\/www.thermalies.com\/lyon\/pressepartenaires\/espace-partenaires\/\" title=\"Espace partenaires\">Espace partenaires<\/a>\n\t\t<\/span><span class=\"aioseo-breadcrumb-separator\">&raquo;<\/span><span class=\"aioseo-breadcrumb\">\n\t\t\tSans Transition\n\t\t<\/span><\/div>","aioseo_breadcrumb_json":[{"label":"Accueil","link":"https:\/\/www.thermalies.com\/lyon"},{"label":"Presse\/partenaires","link":"https:\/\/www.thermalies.com\/lyon\/pressepartenaires\/"},{"label":"Espace partenaires","link":"https:\/\/www.thermalies.com\/lyon\/pressepartenaires\/espace-partenaires\/"},{"label":"Sans Transition","link":"https:\/\/www.thermalies.com\/lyon\/pressepartenaires\/espace-partenaires\/sans-transition\/"}],"_links":{"self":[{"href":"https:\/\/www.thermalies.com\/lyon\/wp-json\/wp\/v2\/pages\/4150","targetHints":{"allow":["GET"]}}],"collection":[{"href":"https:\/\/www.thermalies.com\/lyon\/wp-json\/wp\/v2\/pages"}],"about":[{"href":"https:\/\/www.thermalies.com\/lyon\/wp-json\/wp\/v2\/types\/page"}],"author":[{"embeddable":true,"href":"https:\/\/www.thermalies.com\/lyon\/wp-json\/wp\/v2\/users\/1"}],"replies":[{"embeddable":true,"href":"https:\/\/www.thermalies.com\/lyon\/wp-json\/wp\/v2\/comments?post=4150"}],"version-history":[{"count":0,"href":"https:\/\/www.thermalies.com\/lyon\/wp-json\/wp\/v2\/pages\/4150\/revisions"}],"up":[{"embeddable":true,"href":"https:\/\/www.thermalies.com\/lyon\/wp-json\/wp\/v2\/pages\/526"}],"wp:attachment":[{"href":"https:\/\/www.thermalies.com\/lyon\/wp-json\/wp\/v2\/media?parent=4150"}],"curies":[{"name":"wp","href":"https:\/\/api.w.org\/{rel}","templated":true}]}}