{"id":13238,"date":"2024-07-01T14:00:45","date_gmt":"2024-07-01T12:00:45","guid":{"rendered":"https:\/\/www.thermalies.com\/paris\/?page_id=13238"},"modified":"2025-05-05T12:00:24","modified_gmt":"2025-05-05T10:00:24","slug":"les-nouveautes","status":"publish","type":"page","link":"https:\/\/www.thermalies.com\/paris\/les-nouveautes\/","title":{"rendered":"Les nouveaut\u00e9s au salon Les Thermalies"},"content":{"rendered":"<p style=\"text-align: left;\"><strong><span style=\"color: #0c5356;\"><img decoding=\"async\" class=\"wp-image-16019 alignleft\" src=\"http:\/\/www.thermalies.com\/paris\/wp-content\/uploads\/2025\/05\/Capture-decran-2025-05-05-a-11.28.29.png\" alt=\"\" width=\"114\" height=\"120\" srcset=\"https:\/\/www.thermalies.com\/paris\/wp-content\/uploads\/2025\/05\/Capture-decran-2025-05-05-a-11.28.29.png 350w, https:\/\/www.thermalies.com\/paris\/wp-content\/uploads\/2025\/05\/Capture-decran-2025-05-05-a-11.28.29-287x300.png 287w, https:\/\/www.thermalies.com\/paris\/wp-content\/uploads\/2025\/05\/Capture-decran-2025-05-05-a-11.28.29-150x157.png 150w\" sizes=\"(max-width: 114px) 100vw, 114px\" \/>Nouvel espace sur la long\u00e9vit\u00e9 avec un programme de confe\u0301rences d\u00e9di\u00e9<\/span><br \/>\n<\/strong><\/p>\n<p class=\"p1\" style=\"text-align: left;\">Ax\u00e9 sur les piliers de la pr\u00e9vention sant\u00e9 : sommeil, nutrition, m\u00e9ditation, detox, sport, reconnexion&#8230; avec des experts.<\/p>\n<p>&nbsp;<\/p>\n<p><strong><span style=\"color: #0c5356;\"><img decoding=\"async\" class=\"wp-image-16020 alignleft\" src=\"http:\/\/www.thermalies.com\/paris\/wp-content\/uploads\/2025\/05\/Capture-decran-2025-05-05-a-11.29.59.png\" alt=\"\" width=\"102\" height=\"144\" srcset=\"https:\/\/www.thermalies.com\/paris\/wp-content\/uploads\/2025\/05\/Capture-decran-2025-05-05-a-11.29.59.png 350w, https:\/\/www.thermalies.com\/paris\/wp-content\/uploads\/2025\/05\/Capture-decran-2025-05-05-a-11.29.59-214x300.png 214w, https:\/\/www.thermalies.com\/paris\/wp-content\/uploads\/2025\/05\/Capture-decran-2025-05-05-a-11.29.59-150x210.png 150w\" sizes=\"(max-width: 102px) 100vw, 102px\" \/><\/span><\/strong><\/p>\n<p><strong><span style=\"color: #0c5356;\">Talk Thalasso\/Thermaux<\/span><\/strong><\/p>\n<p>Prises de parole des acteurs de la thalassoth\u00e9rapie, du thermalisme et des associations de patients.<\/p>\n<p>&nbsp;<\/p>\n<p><span style=\"color: #0c5356;\"><strong><img decoding=\"async\" class=\" wp-image-16024 alignleft\" src=\"http:\/\/www.thermalies.com\/paris\/wp-content\/uploads\/2025\/05\/Capture-decran-2025-05-05-a-11.37.04.png\" alt=\"\" width=\"118\" height=\"139\" srcset=\"https:\/\/www.thermalies.com\/paris\/wp-content\/uploads\/2025\/05\/Capture-decran-2025-05-05-a-11.37.04.png 391w, https:\/\/www.thermalies.com\/paris\/wp-content\/uploads\/2025\/05\/Capture-decran-2025-05-05-a-11.37.04-256x300.png 256w, https:\/\/www.thermalies.com\/paris\/wp-content\/uploads\/2025\/05\/Capture-decran-2025-05-05-a-11.37.04-150x176.png 150w\" sizes=\"(max-width: 118px) 100vw, 118px\" \/>Mindset Therapy<\/strong><\/span><\/p>\n<p>Espace d\u00e9di\u00e9 \u00e0 la m\u00e9ditation, au ressourcement, \u00e0 la respirologie et \u00e0 des ateliers sur la pens\u00e9e positive pour g\u00e9rer ses \u00e9motions.<\/p>\n<p>&nbsp;<\/p>\n<p><span style=\"color: #0c5356;\"><strong><img loading=\"lazy\" decoding=\"async\" class=\" wp-image-16025 alignleft\" src=\"http:\/\/www.thermalies.com\/paris\/wp-content\/uploads\/2025\/05\/Capture-decran-2025-05-05-a-11.38.25.png\" alt=\"\" width=\"122\" height=\"123\" srcset=\"https:\/\/www.thermalies.com\/paris\/wp-content\/uploads\/2025\/05\/Capture-decran-2025-05-05-a-11.38.25.png 320w, https:\/\/www.thermalies.com\/paris\/wp-content\/uploads\/2025\/05\/Capture-decran-2025-05-05-a-11.38.25-298x300.png 298w, https:\/\/www.thermalies.com\/paris\/wp-content\/uploads\/2025\/05\/Capture-decran-2025-05-05-a-11.38.25-150x151.png 150w, https:\/\/www.thermalies.com\/paris\/wp-content\/uploads\/2025\/05\/Capture-decran-2025-05-05-a-11.38.25-45x45.png 45w, https:\/\/www.thermalies.com\/paris\/wp-content\/uploads\/2025\/05\/Capture-decran-2025-05-05-a-11.38.25-300x300.png 300w, https:\/\/www.thermalies.com\/paris\/wp-content\/uploads\/2025\/05\/Capture-decran-2025-05-05-a-11.38.25-100x100.png 100w\" sizes=\"(max-width: 122px) 100vw, 122px\" \/>Po\u0302le associations de patients<\/strong><\/span><\/p>\n<p class=\"p1\">Experts sur les diff\u00e9rentes pathologies propos\u00e9es, ils r\u00e9pondront aux visiteurs et animeront des mini-conf\u00e9rences.<\/p>\n","protected":false},"excerpt":{"rendered":"<p>Nouvel espace sur la long\u00e9vit\u00e9 avec un programme de confe\u0301rences d\u00e9di\u00e9 Ax\u00e9 sur les piliers de la pr\u00e9vention sant\u00e9 : sommeil, nutrition, m\u00e9ditation, detox, sport, reconnexion&#8230; avec des experts. &nbsp; Talk Thalasso\/Thermaux Prises de parole des acteurs de la thalassoth\u00e9rapie, du thermalisme et des associations de patients. &nbsp; Mindset Therapy Espace d\u00e9di\u00e9 \u00e0 la m\u00e9ditation,&hellip; <\/p>\n","protected":false},"author":7,"featured_media":0,"parent":0,"menu_order":0,"comment_status":"closed","ping_status":"closed","template":"","meta":{"footnotes":""},"class_list":["post-13238","page","type-page","status-publish","hentry"],"aioseo_notices":[],"_links":{"self":[{"href":"https:\/\/www.thermalies.com\/paris\/wp-json\/wp\/v2\/pages\/13238","targetHints":{"allow":["GET"]}}],"collection":[{"href":"https:\/\/www.thermalies.com\/paris\/wp-json\/wp\/v2\/pages"}],"about":[{"href":"https:\/\/www.thermalies.com\/paris\/wp-json\/wp\/v2\/types\/page"}],"author":[{"embeddable":true,"href":"https:\/\/www.thermalies.com\/paris\/wp-json\/wp\/v2\/users\/7"}],"replies":[{"embeddable":true,"href":"https:\/\/www.thermalies.com\/paris\/wp-json\/wp\/v2\/comments?post=13238"}],"version-history":[{"count":11,"href":"https:\/\/www.thermalies.com\/paris\/wp-json\/wp\/v2\/pages\/13238\/revisions"}],"predecessor-version":[{"id":16026,"href":"https:\/\/www.thermalies.com\/paris\/wp-json\/wp\/v2\/pages\/13238\/revisions\/16026"}],"wp:attachment":[{"href":"https:\/\/www.thermalies.com\/paris\/wp-json\/wp\/v2\/media?parent=13238"}],"curies":[{"name":"wp","href":"https:\/\/api.w.org\/{rel}","templated":true}]}}